{"id":58944,"date":"2024-10-04T11:07:35","date_gmt":"2024-10-04T09:07:35","guid":{"rendered":"https:\/\/de-prime.com\/?p=58944"},"modified":"2024-10-04T11:07:35","modified_gmt":"2024-10-04T09:07:35","slug":"led-lichternetz-blau-3x2-m-204-leds-indoor-outdoor","status":"publish","type":"product","link":"https:\/\/de-prime.com\/index.php\/product\/led-lichternetz-blau-3x2-m-204-leds-indoor-outdoor\/","title":{"rendered":"LED-Lichternetz Blau 3&#215;2 m 204 LEDs Indoor Outdoor"},"content":{"rendered":"<p>Schm\u00fccken Sie Ihren Weihnachtsbaum ganz einfach mit diesem LED-Lichternetz! Es ist vor allem abends ein echter Hingucker. Das Lichternetz besteht aus 204 LEDs, die sehr energieeffizient sind und ein helles Licht ausstrahlen. Dabei stehen Ihnen 8 verschiedene Lichteffekte zur Verf\u00fcgung: eine Kombination aus allen Effekten, langsames Dimmen, Funkel\/Blitzen, in Wellenform, flie\u00dfendes Wasser, sequentiell, kontinuierliche Beleuchtung und langsame Ausblendung. Daher leuchtet die Weihnachtsdekoration wundersch\u00f6n auf und schafft eine magische Weihnachtsatmosph\u00e4re. Im Lieferumfang ist auch ein 5 m langes Verl\u00e4ngerungskabel enthalten, das den Einsatz im Au\u00dfenbereich erm\u00f6glicht. Hinweis: Dank des mitgelieferten wasserfesten Adapters und des 5 m langen Kabels kann das Produkt im Freien verwendet werden, da Kabel und Produkt wasserfest sind. Bitte beachten Sie, dass das Lichternetz \u00fcber keine Buchsen oder Stecker verf\u00fcgt und nicht mit anderen Leuchten verbunden werden kann.<\/p>\n<ul>\n<li>Kabelfarbe: Gr\u00fcn<\/li>\n<li>Lichtfarbe: Blau<\/li>\n<li>Material: PVC<\/li>\n<li>Ma\u00dfe: 3 x 2 m (L x B)<\/li>\n<li>L\u00e4nge des Verl\u00e4ngerungskabels: 5 m<\/li>\n<li>Spannung: 31 V<\/li>\n<li>Leistung: 3,6 W<\/li>\n<li>IP-Schutzart: IP44<\/li>\n<li>Ohne Buchse und Stecker<\/li>\n<li>Mit wasserfestem 8-Funktionen-Adapter<\/li>\n<li>Enth\u00e4lt 204 energiesparende LEDs<\/li>\n<li>F\u00fcr den Innen- und Au\u00dfenbereich geeignet<\/li>\n<li>Zusammenbau erforderlich: Ja<\/li>\n<\/ul>\n","protected":false},"excerpt":{"rendered":"<ul>\n<li>Kabelfarbe: Gr\u00fcn<\/li>\n<li>Lichtfarbe: Blau<\/li>\n<li>Material: PVC<\/li>\n<li>Ma\u00dfe: 3 x 2 m (L x B)<\/li>\n<li>L\u00e4nge des Verl\u00e4ngerungskabels: 5 m<\/li>\n<li>Spannung: 31 V<\/li>\n<li>Leistung: 3,6 W<\/li>\n<li>IP-Schutzart: IP44<\/li>\n<li>Ohne Buchse und Stecker<\/li>\n<li>Mit wasserfestem 8-Funktionen-Adapter<\/li>\n<li>Enth\u00e4lt 204 energiesparende LEDs<\/li>\n<li>F\u00fcr den Innen- und Au\u00dfenbereich geeignet<\/li>\n<li>Zusammenbau erforderlich: Ja<\/li>\n<\/ul>\n","protected":false},"featured_media":10000058944,"comment_status":"closed","ping_status":"closed","template":"","meta":[],"product_brand":[],"product_cat":[7054,7048,7108],"product_tag":[],"class_list":{"0":"post-58944","1":"product","2":"type-product","3":"status-publish","4":"has-post-thumbnail","6":"product_cat-beleuchtung","7":"product_cat-heim-garten","8":"product_cat-lichtschlaeuche-lichterketten","10":"first","11":"outofstock","12":"taxable","13":"shipping-taxable","14":"purchasable","15":"product-type-simple","16":"add-to-wishlist-after_add_to_cart"},"jetpack_sharing_enabled":true,"_links":{"self":[{"href":"https:\/\/de-prime.com\/index.php\/wp-json\/wp\/v2\/product\/58944","targetHints":{"allow":["GET"]}}],"collection":[{"href":"https:\/\/de-prime.com\/index.php\/wp-json\/wp\/v2\/product"}],"about":[{"href":"https:\/\/de-prime.com\/index.php\/wp-json\/wp\/v2\/types\/product"}],"replies":[{"embeddable":true,"href":"https:\/\/de-prime.com\/index.php\/wp-json\/wp\/v2\/comments?post=58944"}],"wp:featuredmedia":[{"embeddable":true,"href":"https:\/\/de-prime.com\/index.php\/wp-json\/"}],"wp:attachment":[{"href":"https:\/\/de-prime.com\/index.php\/wp-json\/wp\/v2\/media?parent=58944"}],"wp:term":[{"taxonomy":"product_brand","embeddable":true,"href":"https:\/\/de-prime.com\/index.php\/wp-json\/wp\/v2\/product_brand?post=58944"},{"taxonomy":"product_cat","embeddable":true,"href":"https:\/\/de-prime.com\/index.php\/wp-json\/wp\/v2\/product_cat?post=58944"},{"taxonomy":"product_tag","embeddable":true,"href":"https:\/\/de-prime.com\/index.php\/wp-json\/wp\/v2\/product_tag?post=58944"}],"curies":[{"name":"wp","href":"https:\/\/api.w.org\/{rel}","templated":true}]}}