{"id":58650,"date":"2024-10-03T21:14:27","date_gmt":"2024-10-03T19:14:27","guid":{"rendered":"https:\/\/de-prime.com\/?p=58650"},"modified":"2024-10-03T21:37:01","modified_gmt":"2024-10-03T19:37:01","slug":"deckenleuchte-mit-gluehlampen-2-w-schwarz-e27","status":"publish","type":"product","link":"https:\/\/de-prime.com\/index.php\/product\/deckenleuchte-mit-gluehlampen-2-w-schwarz-e27\/","title":{"rendered":"Deckenleuchte mit Gl\u00fchlampen 2 W Schwarz E27"},"content":{"rendered":"<p>Mit ihrem zeitgem\u00e4\u00dfen Design ist die Deckenleuchte die ideale Wahl f\u00fcr Flure, Wohnzimmer, Esszimmer usw. Die drehbaren Arme verleihen jedem Innendekor Stil und Eleganz. Sie k\u00f6nnen E27-Gl\u00fchbirnen mit verschiedenen Lichtfarben ausw\u00e4hlen und installieren, um eine Atmosph\u00e4re der Entspannung und Ruhe zu schaffen. Das komplett schwarze Design verspr\u00fcht zudem einen modernen Charme und garantiert eine lange Lebensdauer. Im Lieferumfang ist eine Deckenleuchte mit warmwei\u00dfen Gl\u00fchlampen enthalten. Mit dem mitgelieferten Montagematerial k\u00f6nnen Sie die Lampen einfach und sicher montieren und installieren.<\/p>\n<ul>\n<li>Farbe: Schwarz <\/li>\n<li>Material: Metall<\/li>\n<li>Gesamtma\u00dfe: 60 x 28 x 100 cm (L x B x H)<\/li>\n<li>Leistung: Maximal 2 W<\/li>\n<li>Lampenfassung: E27<\/li>\n<li>Lichtfarbe: Warmwei\u00df<\/li>\n<li>Mit 4 Lampensockeln<\/li>\n<li>Lieferung inklusive einer Deckenleuchte mit Gl\u00fchlampen<\/li>\n<\/ul>\n","protected":false},"excerpt":{"rendered":"<ul>\n<li>Farbe: Schwarz <\/li>\n<li>Material: Metall<\/li>\n<li>Gesamtma\u00dfe: 60 x 28 x 100 cm (L x B x H)<\/li>\n<li>Leistung: Maximal 2 W<\/li>\n<li>Lampenfassung: E27<\/li>\n<li>Lichtfarbe: Warmwei\u00df<\/li>\n<li>Mit 4 Lampensockeln<\/li>\n<li>Lieferung inklusive einer Deckenleuchte mit Gl\u00fchlampen<\/li>\n<\/ul>\n","protected":false},"featured_media":10000058650,"comment_status":"closed","ping_status":"closed","template":"","meta":[],"product_brand":[],"product_cat":[7054,7048,7101],"product_tag":[],"class_list":{"0":"post-58650","1":"product","2":"type-product","3":"status-publish","4":"has-post-thumbnail","6":"product_cat-beleuchtung","7":"product_cat-heim-garten","8":"product_cat-lampen","10":"first","11":"instock","12":"taxable","13":"shipping-taxable","14":"purchasable","15":"product-type-simple","16":"add-to-wishlist-after_add_to_cart"},"jetpack_sharing_enabled":true,"_links":{"self":[{"href":"https:\/\/de-prime.com\/index.php\/wp-json\/wp\/v2\/product\/58650","targetHints":{"allow":["GET"]}}],"collection":[{"href":"https:\/\/de-prime.com\/index.php\/wp-json\/wp\/v2\/product"}],"about":[{"href":"https:\/\/de-prime.com\/index.php\/wp-json\/wp\/v2\/types\/product"}],"replies":[{"embeddable":true,"href":"https:\/\/de-prime.com\/index.php\/wp-json\/wp\/v2\/comments?post=58650"}],"wp:featuredmedia":[{"embeddable":true,"href":"https:\/\/de-prime.com\/index.php\/wp-json\/"}],"wp:attachment":[{"href":"https:\/\/de-prime.com\/index.php\/wp-json\/wp\/v2\/media?parent=58650"}],"wp:term":[{"taxonomy":"product_brand","embeddable":true,"href":"https:\/\/de-prime.com\/index.php\/wp-json\/wp\/v2\/product_brand?post=58650"},{"taxonomy":"product_cat","embeddable":true,"href":"https:\/\/de-prime.com\/index.php\/wp-json\/wp\/v2\/product_cat?post=58650"},{"taxonomy":"product_tag","embeddable":true,"href":"https:\/\/de-prime.com\/index.php\/wp-json\/wp\/v2\/product_tag?post=58650"}],"curies":[{"name":"wp","href":"https:\/\/api.w.org\/{rel}","templated":true}]}}