{"id":57413,"date":"2024-10-02T16:40:36","date_gmt":"2024-10-02T14:40:36","guid":{"rendered":"https:\/\/de-prime.com\/?p=57413"},"modified":"2024-10-02T16:40:36","modified_gmt":"2024-10-02T14:40:36","slug":"2-in-1-kinderwagen-dunkelgrau-und-schwarz-stahl","status":"publish","type":"product","link":"https:\/\/de-prime.com\/index.php\/product\/2-in-1-kinderwagen-dunkelgrau-und-schwarz-stahl\/","title":{"rendered":"2-in-1 Kinderwagen Dunkelgrau und Schwarz Stahl"},"content":{"rendered":"<p>Mit diesem komfortablen 2-in-1-Kinderwagen k\u00f6nnen Sie Ihr Baby zu jeder Gelegenheit bequem mitnehmen. Der Stahlrahmen sorgt daf\u00fcr, dass der Buggy robust und langlebig ist. Dieser praktische und bequeme Kinderwagen hat eine in 3 Positionen verstellbare R\u00fcckenlehne und eine Fu\u00dfst\u00fctze, die bis hin zur Liegeposition gebracht werden kann, sodass sich Ihr Kind beim Sitzen oder Schlafen immer wohlf\u00fchlt. Das verstellbare Verdeck sch\u00fctzt das Baby vor sch\u00e4dlichen UV-Strahlen. Der 3-Punkt-Sicherheitsgurt sorgt f\u00fcr die Sicherheit des Babys, w\u00e4hrend die schwenkbaren Vorderr\u00e4der den Kinderwagen leicht beweglich machen. Es gibt auch einen Korb unter dem Kinderwagen f\u00fcr zus\u00e4tzlichen Stauraum. Dank des einh\u00e4ndig klappbaren Designs l\u00e4sst sich der Buggy leicht tragen und verstauen.<\/p>\n<ul>\n<li>Farbe: Dunkelgrau und Schwarz<\/li>\n<li>Material: Stahl, Leinen<\/li>\n<li>Abmessungen: 78,5 x 49 x 102 cm (L x B x H)<\/li>\n<li>Zusammenbau erforderlich: Ja<\/li>\n<\/ul>\n","protected":false},"excerpt":{"rendered":"<ul>\n<li>Farbe: Dunkelgrau und Schwarz<\/li>\n<li>Material: Stahl, Leinen<\/li>\n<li>Abmessungen: 78,5 x 49 x 102 cm (L x B x H)<\/li>\n<li>Zusammenbau erforderlich: Ja<\/li>\n<\/ul>\n","protected":false},"featured_media":10000057413,"comment_status":"closed","ping_status":"closed","template":"","meta":[],"product_brand":[],"product_cat":[7041],"product_tag":[],"class_list":{"0":"post-57413","1":"product","2":"type-product","3":"status-publish","4":"has-post-thumbnail","6":"product_cat-kinderwagen","8":"first","9":"outofstock","10":"taxable","11":"shipping-taxable","12":"purchasable","13":"product-type-simple","14":"add-to-wishlist-after_add_to_cart"},"jetpack_sharing_enabled":true,"_links":{"self":[{"href":"https:\/\/de-prime.com\/index.php\/wp-json\/wp\/v2\/product\/57413","targetHints":{"allow":["GET"]}}],"collection":[{"href":"https:\/\/de-prime.com\/index.php\/wp-json\/wp\/v2\/product"}],"about":[{"href":"https:\/\/de-prime.com\/index.php\/wp-json\/wp\/v2\/types\/product"}],"replies":[{"embeddable":true,"href":"https:\/\/de-prime.com\/index.php\/wp-json\/wp\/v2\/comments?post=57413"}],"wp:featuredmedia":[{"embeddable":true,"href":"https:\/\/de-prime.com\/index.php\/wp-json\/"}],"wp:attachment":[{"href":"https:\/\/de-prime.com\/index.php\/wp-json\/wp\/v2\/media?parent=57413"}],"wp:term":[{"taxonomy":"product_brand","embeddable":true,"href":"https:\/\/de-prime.com\/index.php\/wp-json\/wp\/v2\/product_brand?post=57413"},{"taxonomy":"product_cat","embeddable":true,"href":"https:\/\/de-prime.com\/index.php\/wp-json\/wp\/v2\/product_cat?post=57413"},{"taxonomy":"product_tag","embeddable":true,"href":"https:\/\/de-prime.com\/index.php\/wp-json\/wp\/v2\/product_tag?post=57413"}],"curies":[{"name":"wp","href":"https:\/\/api.w.org\/{rel}","templated":true}]}}