{"id":57394,"date":"2024-10-02T16:46:10","date_gmt":"2024-10-02T14:46:10","guid":{"rendered":"https:\/\/de-prime.com\/?p=57394"},"modified":"2024-10-02T16:46:10","modified_gmt":"2024-10-02T14:46:10","slug":"3-in-1-kinderwagen-anthrazit-und-schwarz-stahl","status":"publish","type":"product","link":"https:\/\/de-prime.com\/index.php\/product\/3-in-1-kinderwagen-anthrazit-und-schwarz-stahl\/","title":{"rendered":"3-in-1 Kinderwagen Anthrazit und Schwarz Stahl"},"content":{"rendered":"<p>Mit diesem 3-in-1 Buggy k\u00f6nnen Sie Ihr Baby \u00fcberall hin bequem mitnehmen. Der Stahlrahmen sorgt daf\u00fcr, dass der Reisebuggy robust und langlebig ist. Der praktische und bequeme Kinderwagen verf\u00fcgt \u00fcber einen verstellbaren Sitz und l\u00e4sst sich leicht in einen gem\u00fctlichen Buggy verwandeln, sodass Ihr Kind stets die bequemste Position zum Sitzen oder Schlafen finden wird. Der 5-Punkt-Sicherheitsgurt gew\u00e4hrleistet die Sicherheit Ihres Kleinen, w\u00e4hrend der verstellbare Sonnenschutz Ihr Kind vor sch\u00e4dlichen UV-Strahlen sch\u00fctzt. Unter dem Kinderwagen befindet sich ein Korb, der zus\u00e4tzlichen Stauraum zur Verf\u00fcgung stellt. Dank des klappbaren Designs l\u00e4sst sich der Kinderwagen leicht transportieren und verstauen. Dar\u00fcber hinaus k\u00f6nnen Sie Ihr Baby leicht mit der im Lieferumfang enthalten Babyschale \u00fcberall hin mitnehmen.<\/p>\n<ul>\n<li>Farbe: Anthrazit und Schwarz<\/li>\n<li>Material: Stahl, Leinen<\/li>\n<li>Abmessungen des Kinderwagens: 59 x 100 x 103 cm (B x T x H)<\/li>\n<li>Abmessungen Babyschale: 42 x 65 x 57 cm (L x B x H)<\/li>\n<li>5-Punkt-Sicherheitsgurt<\/li>\n<li>Mit einem verstellbaren Sitz<\/li>\n<li>Mit Fu\u00dfabdeckung und abnehmbarer Armlehne<\/li>\n<li>Kinderwagen und Babyschale<\/li>\n<li>Max. Belastbarkeit: 15 kg<\/li>\n<li>Zusammenbau erforderlich: Ja<\/li>\n<\/ul>\n","protected":false},"excerpt":{"rendered":"<ul>\n<li>Farbe: Anthrazit und Schwarz<\/li>\n<li>Material: Stahl, Leinen<\/li>\n<li>Abmessungen des Kinderwagens: 59 x 100 x 103 cm (B x T x H)<\/li>\n<li>Abmessungen Babyschale: 42 x 65 x 57 cm (L x B x H)<\/li>\n<li>5-Punkt-Sicherheitsgurt<\/li>\n<li>Mit einem verstellbaren Sitz<\/li>\n<li>Mit Fu\u00dfabdeckung und abnehmbarer Armlehne<\/li>\n<li>Kinderwagen und Babyschale<\/li>\n<li>Max. Belastbarkeit: 15 kg<\/li>\n<li>Zusammenbau erforderlich: Ja<\/li>\n<\/ul>\n","protected":false},"featured_media":10000057394,"comment_status":"closed","ping_status":"closed","template":"","meta":[],"product_brand":[],"product_cat":[7041],"product_tag":[],"class_list":{"0":"post-57394","1":"product","2":"type-product","3":"status-publish","4":"has-post-thumbnail","6":"product_cat-kinderwagen","8":"first","9":"instock","10":"taxable","11":"shipping-taxable","12":"purchasable","13":"product-type-simple","14":"add-to-wishlist-after_add_to_cart"},"jetpack_sharing_enabled":true,"_links":{"self":[{"href":"https:\/\/de-prime.com\/index.php\/wp-json\/wp\/v2\/product\/57394","targetHints":{"allow":["GET"]}}],"collection":[{"href":"https:\/\/de-prime.com\/index.php\/wp-json\/wp\/v2\/product"}],"about":[{"href":"https:\/\/de-prime.com\/index.php\/wp-json\/wp\/v2\/types\/product"}],"replies":[{"embeddable":true,"href":"https:\/\/de-prime.com\/index.php\/wp-json\/wp\/v2\/comments?post=57394"}],"wp:featuredmedia":[{"embeddable":true,"href":"https:\/\/de-prime.com\/index.php\/wp-json\/"}],"wp:attachment":[{"href":"https:\/\/de-prime.com\/index.php\/wp-json\/wp\/v2\/media?parent=57394"}],"wp:term":[{"taxonomy":"product_brand","embeddable":true,"href":"https:\/\/de-prime.com\/index.php\/wp-json\/wp\/v2\/product_brand?post=57394"},{"taxonomy":"product_cat","embeddable":true,"href":"https:\/\/de-prime.com\/index.php\/wp-json\/wp\/v2\/product_cat?post=57394"},{"taxonomy":"product_tag","embeddable":true,"href":"https:\/\/de-prime.com\/index.php\/wp-json\/wp\/v2\/product_tag?post=57394"}],"curies":[{"name":"wp","href":"https:\/\/api.w.org\/{rel}","templated":true}]}}