{"id":57386,"date":"2024-10-02T16:46:11","date_gmt":"2024-10-02T14:46:11","guid":{"rendered":"https:\/\/de-prime.com\/?p=57386"},"modified":"2024-10-02T16:46:12","modified_gmt":"2024-10-02T14:46:12","slug":"geschwisterwagen-marineblau-stahl-2","status":"publish","type":"product","link":"https:\/\/de-prime.com\/index.php\/product\/geschwisterwagen-marineblau-stahl-2\/","title":{"rendered":"Geschwisterwagen Marineblau Stahl"},"content":{"rendered":"<p>Mit diesem praktischen Zwillingswagen k\u00f6nnen Sie Ihre Kinder zum Spaziergang im Park, zum Einkaufen usw. mitnehmen. Der Kinderwagen f\u00fcr 2 Kinder verf\u00fcgt \u00fcber einen Stahlrahmen, der ihn robust und langlebig macht. Die R\u00fcckenlehne und die Fu\u00dfst\u00fctze sind in mehreren Positionen verstellbar und bieten so hohen Komfort. Das runde Verdeck sch\u00fctzt Ihre Kinder vor direkter Sonneneinstrahlung. Dar\u00fcber hinaus bietet die vordere Sto\u00dfstange optimale Sicherheit und verhindert das Herausfallen. Der mitgelieferte praktische Korb eignet sich ideal zur Aufbewahrung von Babyartikeln. Dieser Zwillingsbuggy l\u00e4sst sich auch zusammenklappen, um eine einfache Lagerung und Transport zu gew\u00e4hrleisten.<\/p>\n<ul>\n<li>Farbe: Marineblau<\/li>\n<li>Material: Stahl, Leinenstoff<\/li>\n<li>Abmessungen (aufgeklappt): 99 x 78 x 103 cm (B x T x H)<\/li>\n<li>Abmessungen (zusammengeklappt): 80 x 79 x 45 cm (B x T x H)<\/li>\n<li>Zusammenklappbar<\/li>\n<li>Verstellbarer Lenker<\/li>\n<li>Mit rundem Verdeck<\/li>\n<li>Mit Frontsto\u00dfstange<\/li>\n<li>R\u00fcckenlehne in mehrere Positionen verstellbar<\/li>\n<li>Verstellbare Fu\u00dfst\u00fctze<\/li>\n<li>Mit Korb<\/li>\n<li>Max Belastbarkeit: 15 kg<\/li>\n<li>Zusammenbau erforderlich: Ja<\/li>\n<\/ul>\n","protected":false},"excerpt":{"rendered":"<ul>\n<li>Farbe: Marineblau<\/li>\n<li>Material: Stahl, Leinenstoff<\/li>\n<li>Abmessungen (aufgeklappt): 99 x 78 x 103 cm (B x T x H)<\/li>\n<li>Abmessungen (zusammengeklappt): 80 x 79 x 45 cm (B x T x H)<\/li>\n<li>Zusammenklappbar<\/li>\n<li>Verstellbarer Lenker<\/li>\n<li>Mit rundem Verdeck<\/li>\n<li>Mit Frontsto\u00dfstange<\/li>\n<li>R\u00fcckenlehne in mehrere Positionen verstellbar<\/li>\n<li>Verstellbare Fu\u00dfst\u00fctze<\/li>\n<li>Mit Korb<\/li>\n<li>Max Belastbarkeit: 15 kg<\/li>\n<li>Zusammenbau erforderlich: Ja<\/li>\n<\/ul>\n","protected":false},"featured_media":10000057386,"comment_status":"closed","ping_status":"closed","template":"","meta":[],"product_brand":[],"product_cat":[7041],"product_tag":[],"class_list":{"0":"post-57386","1":"product","2":"type-product","3":"status-publish","4":"has-post-thumbnail","6":"product_cat-kinderwagen","8":"first","9":"instock","10":"taxable","11":"shipping-taxable","12":"purchasable","13":"product-type-simple","14":"add-to-wishlist-after_add_to_cart"},"jetpack_sharing_enabled":true,"_links":{"self":[{"href":"https:\/\/de-prime.com\/index.php\/wp-json\/wp\/v2\/product\/57386","targetHints":{"allow":["GET"]}}],"collection":[{"href":"https:\/\/de-prime.com\/index.php\/wp-json\/wp\/v2\/product"}],"about":[{"href":"https:\/\/de-prime.com\/index.php\/wp-json\/wp\/v2\/types\/product"}],"replies":[{"embeddable":true,"href":"https:\/\/de-prime.com\/index.php\/wp-json\/wp\/v2\/comments?post=57386"}],"wp:featuredmedia":[{"embeddable":true,"href":"https:\/\/de-prime.com\/index.php\/wp-json\/"}],"wp:attachment":[{"href":"https:\/\/de-prime.com\/index.php\/wp-json\/wp\/v2\/media?parent=57386"}],"wp:term":[{"taxonomy":"product_brand","embeddable":true,"href":"https:\/\/de-prime.com\/index.php\/wp-json\/wp\/v2\/product_brand?post=57386"},{"taxonomy":"product_cat","embeddable":true,"href":"https:\/\/de-prime.com\/index.php\/wp-json\/wp\/v2\/product_cat?post=57386"},{"taxonomy":"product_tag","embeddable":true,"href":"https:\/\/de-prime.com\/index.php\/wp-json\/wp\/v2\/product_tag?post=57386"}],"curies":[{"name":"wp","href":"https:\/\/api.w.org\/{rel}","templated":true}]}}