{"id":55623,"date":"2024-10-01T16:14:00","date_gmt":"2024-10-01T16:14:00","guid":{"rendered":"https:\/\/de-prime.com\/?p=55623"},"modified":"2024-10-01T16:40:29","modified_gmt":"2024-10-01T16:40:29","slug":"laufrad-fuer-kinder-blau-bedruckt","status":"publish","type":"product","link":"https:\/\/de-prime.com\/index.php\/product\/laufrad-fuer-kinder-blau-bedruckt\/","title":{"rendered":"Laufrad f\u00fcr Kinder Blau Bedruckt"},"content":{"rendered":"<p>Dieses Laufrad eignet sich hervorragend, um Gleichgewicht, Koordination und Lenkung zu verbessern. Verstellbar: Der Sitz des Laufrads ist h\u00f6henverstellbar, sodass das Fahrrad leicht an die K\u00f6rpergr\u00f6\u00dfe des Kindes angepasst werden kann. Zudem l\u00e4sst sich der Winkel des Lenkers bis zu 135 Grad einstellen.Bequem und sicher: Dieses Kinderfahrrad verf\u00fcgt \u00fcber einen rutschfesten Lenker, einen bequemen Sitz aus Filz und pannensichere Reifen, um den Komfort und die Sicherheit deines Kindes zu gew\u00e4hrleisten.Tragbar: Das Kinderfahrrad verf\u00fcgt \u00fcber einen praktischen Tragegriff und l\u00e4sst sich dank seiner Leichtbauweise m\u00fchelos transportieren. Du kannst es \u00fcberall mitnehmen, um deinem Kind endlosen Spa\u00df und Mobilit\u00e4t zu bieten.<\/p>\n<ul>\n<li>Farbe: Blau und Schwarz<\/li>\n<li>Rahmen-Material: Sperrholz<\/li>\n<li>Radmaterial: EVA (Ethylen-Vinylacetat)<\/li>\n<li>Material des Sitzbezugs: Filz<\/li>\n<li>Gesamtabmessungen: 86 x 36 x 49,5 cm (L x B x H)<\/li>\n<li>Sitzgr\u00f6\u00dfe: 18,5 x 14 cm (L x B)<\/li>\n<li>Sitzh\u00f6he: 34,5\/36,5\/38\/40,5 cm<\/li>\n<li>Abmessungen der R\u00e4der (pro St\u00fcck): 28,5 x 5 cm (Durchmesser x B)<\/li>\n<li>Lenker innerhalb von 135 Grad einstellbar<\/li>\n<li>Empfohlenes Alter: ab 3 Jahre<\/li>\n<li>Max. Belastbarkeit: 30 kg<\/li>\n<li>Zusammenbau erforderlich: Ja<\/li>\n<li>WARNHINWEIS: Nicht f\u00fcr Kinder unter 36 Monaten geeignet.<\/li>\n<li>WARNHINWEIS: Benutzung unter unmittelbarer Aufsicht von Erwachsenen.<\/li>\n<li>WARNHINWEIS: Mit Schutzausr\u00fcstung zu benutzen. Nicht im Stra\u00dfenverkehr zu verwenden.<\/li>\n<\/ul>\n","protected":false},"excerpt":{"rendered":"<ul>\n<li>Farbe: Blau und Schwarz<\/li>\n<li>Rahmen-Material: Sperrholz<\/li>\n<li>Radmaterial: EVA (Ethylen-Vinylacetat)<\/li>\n<li>Material des Sitzbezugs: Filz<\/li>\n<li>Gesamtabmessungen: 86 x 36 x 49,5 cm (L x B x H)<\/li>\n<li>Sitzgr\u00f6\u00dfe: 18,5 x 14 cm (L x B)<\/li>\n<li>Sitzh\u00f6he: 34,5\/36,5\/38\/40,5 cm<\/li>\n<li>Abmessungen der R\u00e4der (pro St\u00fcck): 28,5 x 5 cm (Durchmesser x B)<\/li>\n<li>Lenker innerhalb von 135 Grad einstellbar<\/li>\n<li>Empfohlenes Alter: ab 3 Jahre<\/li>\n<li>Max. Belastbarkeit: 30 kg<\/li>\n<li>Zusammenbau erforderlich: Ja<\/li>\n<li>WARNHINWEIS: Nicht f\u00fcr Kinder unter 36 Monaten geeignet.<\/li>\n<li>WARNHINWEIS: Benutzung unter unmittelbarer Aufsicht von Erwachsenen.<\/li>\n<li>WARNHINWEIS: Mit Schutzausr\u00fcstung zu benutzen. Nicht im Stra\u00dfenverkehr zu verwenden.<\/li>\n<\/ul>\n","protected":false},"featured_media":10000055623,"comment_status":"closed","ping_status":"closed","template":"","meta":[],"product_brand":[],"product_cat":[6877,5561,6853,6852],"product_tag":[],"class_list":{"0":"post-55623","1":"product","2":"type-product","3":"status-publish","4":"has-post-thumbnail","6":"product_cat-kinderfahrzeuge","7":"product_cat-lauflernwagen-rutsch-tretfahrzeuge","8":"product_cat-spielzeuge","9":"product_cat-spielzeuge-spiele","11":"first","12":"instock","13":"taxable","14":"shipping-taxable","15":"purchasable","16":"product-type-simple","17":"add-to-wishlist-after_add_to_cart"},"jetpack_sharing_enabled":true,"_links":{"self":[{"href":"https:\/\/de-prime.com\/index.php\/wp-json\/wp\/v2\/product\/55623","targetHints":{"allow":["GET"]}}],"collection":[{"href":"https:\/\/de-prime.com\/index.php\/wp-json\/wp\/v2\/product"}],"about":[{"href":"https:\/\/de-prime.com\/index.php\/wp-json\/wp\/v2\/types\/product"}],"replies":[{"embeddable":true,"href":"https:\/\/de-prime.com\/index.php\/wp-json\/wp\/v2\/comments?post=55623"}],"wp:featuredmedia":[{"embeddable":true,"href":"https:\/\/de-prime.com\/index.php\/wp-json\/"}],"wp:attachment":[{"href":"https:\/\/de-prime.com\/index.php\/wp-json\/wp\/v2\/media?parent=55623"}],"wp:term":[{"taxonomy":"product_brand","embeddable":true,"href":"https:\/\/de-prime.com\/index.php\/wp-json\/wp\/v2\/product_brand?post=55623"},{"taxonomy":"product_cat","embeddable":true,"href":"https:\/\/de-prime.com\/index.php\/wp-json\/wp\/v2\/product_cat?post=55623"},{"taxonomy":"product_tag","embeddable":true,"href":"https:\/\/de-prime.com\/index.php\/wp-json\/wp\/v2\/product_tag?post=55623"}],"curies":[{"name":"wp","href":"https:\/\/api.w.org\/{rel}","templated":true}]}}