{"id":55057,"date":"2024-10-01T16:11:02","date_gmt":"2024-10-01T16:11:02","guid":{"rendered":"https:\/\/de-prime.com\/?p=55057"},"modified":"2024-10-01T16:37:28","modified_gmt":"2024-10-01T16:37:28","slug":"fahrradanhaenger-schwarz-und-blau-65-kg","status":"publish","type":"product","link":"https:\/\/de-prime.com\/index.php\/product\/fahrradanhaenger-schwarz-und-blau-65-kg\/","title":{"rendered":"Fahrradanh\u00e4nger Schwarz und Blau 65 kg"},"content":{"rendered":"<p>Dieser vielseitige Fahrradanh\u00e4nger ist f\u00fcr eine maximale Zuladung von 65 kg ausgelegt. Er ist die perfekte Wahl f\u00fcr das \u00f6rtlichen Pendelverkehr oder Langstreckenfahrten. Der Lastenanh\u00e4nger-Rahmen besteht aus Stahl, was ihn sehr robust und langlebig macht. Dank 100% Polyestergewebe bleibt der Laderaum mit der mitgelieferten Abdeckung wasserabweisend. Die Deichsel l\u00e4sst sich mittels Anh\u00e4ngerkupplung einfach und schnell am Fahrrad anschlie\u00dfen. Die klappbare Deichsel und die Schnellspanner-Reifen machen diesen Anh\u00e4nger zu einem echten Platzsparer sowohl bei der Lagerung als auch bei der Mitnahme im Auto. Die gut sichtbaren Reflektoren sorgen f\u00fcr zus\u00e4tzliche Sicherheit. Der Laderaum l\u00e4sst sich mittels Klettverschl\u00fcssen leicht abnehmen.<\/p>\n<ul>\n<li>Farbe: Schwarz und Blau<\/li>\n<li>Rahmen-Farbe: Grau<\/li>\n<li>Material: Stahl, Stoff (100% Polyester)<\/li>\n<li>Gesamtgr\u00f6\u00dfe mit Deichsel: 136 x 72 x 58 cm (L x B x H)<\/li>\n<li>Laderaum-Abmessungen: 72 x 55 x 36 cm (L x B x H)<\/li>\n<li>Maximale Tragf\u00e4higkeit: 65 kg<\/li>\n<li>Gewicht: 10,8 kg<\/li>\n<li>Klappbare Deichsel<\/li>\n<li>Kugel-Kupplungsdesign zur schnellen Befestigung am Fahrrad<\/li>\n<li>Abnehmbarer Laderaum<\/li>\n<li>Mit farbigen Reflektoren f\u00fcr gute Sichtbarkeit<\/li>\n<li>Mit abnehmbarer, witterungsbest\u00e4ndiger Abdeckung<\/li>\n<li>Klettverschl\u00fcsse zum schnellen Entfernen des Laderaums<\/li>\n<li>Bitte beachten: Nicht f\u00fcr den Transport von Kindern geeignet<\/li>\n<\/ul>\n","protected":false},"excerpt":{"rendered":"<ul>\n<li>Farbe: Schwarz und Blau<\/li>\n<li>Rahmen-Farbe: Grau<\/li>\n<li>Material: Stahl, Stoff (100% Polyester)<\/li>\n<li>Gesamtgr\u00f6\u00dfe mit Deichsel: 136 x 72 x 58 cm (L x B x H)<\/li>\n<li>Laderaum-Abmessungen: 72 x 55 x 36 cm (L x B x H)<\/li>\n<li>Maximale Tragf\u00e4higkeit: 65 kg<\/li>\n<li>Gewicht: 10,8 kg<\/li>\n<li>Klappbare Deichsel<\/li>\n<li>Kugel-Kupplungsdesign zur schnellen Befestigung am Fahrrad<\/li>\n<li>Abnehmbarer Laderaum<\/li>\n<li>Mit farbigen Reflektoren f\u00fcr gute Sichtbarkeit<\/li>\n<li>Mit abnehmbarer, witterungsbest\u00e4ndiger Abdeckung<\/li>\n<li>Klettverschl\u00fcsse zum schnellen Entfernen des Laderaums<\/li>\n<li>Bitte beachten: Nicht f\u00fcr den Transport von Kindern geeignet<\/li>\n<\/ul>\n","protected":false},"featured_media":10000055057,"comment_status":"closed","ping_status":"closed","template":"","meta":[],"product_brand":[],"product_cat":[6880,6878,6837,6875,6836],"product_tag":[],"class_list":{"0":"post-55057","1":"product","2":"type-product","3":"status-publish","4":"has-post-thumbnail","6":"product_cat-fahrradanhaenger","7":"product_cat-fahrradzubehoer","8":"product_cat-outdoor-aktivitaeten","9":"product_cat-radsport","10":"product_cat-sportartikel","12":"first","13":"outofstock","14":"taxable","15":"shipping-taxable","16":"purchasable","17":"product-type-simple","18":"add-to-wishlist-after_add_to_cart"},"jetpack_sharing_enabled":true,"_links":{"self":[{"href":"https:\/\/de-prime.com\/index.php\/wp-json\/wp\/v2\/product\/55057","targetHints":{"allow":["GET"]}}],"collection":[{"href":"https:\/\/de-prime.com\/index.php\/wp-json\/wp\/v2\/product"}],"about":[{"href":"https:\/\/de-prime.com\/index.php\/wp-json\/wp\/v2\/types\/product"}],"replies":[{"embeddable":true,"href":"https:\/\/de-prime.com\/index.php\/wp-json\/wp\/v2\/comments?post=55057"}],"wp:featuredmedia":[{"embeddable":true,"href":"https:\/\/de-prime.com\/index.php\/wp-json\/"}],"wp:attachment":[{"href":"https:\/\/de-prime.com\/index.php\/wp-json\/wp\/v2\/media?parent=55057"}],"wp:term":[{"taxonomy":"product_brand","embeddable":true,"href":"https:\/\/de-prime.com\/index.php\/wp-json\/wp\/v2\/product_brand?post=55057"},{"taxonomy":"product_cat","embeddable":true,"href":"https:\/\/de-prime.com\/index.php\/wp-json\/wp\/v2\/product_cat?post=55057"},{"taxonomy":"product_tag","embeddable":true,"href":"https:\/\/de-prime.com\/index.php\/wp-json\/wp\/v2\/product_tag?post=55057"}],"curies":[{"name":"wp","href":"https:\/\/api.w.org\/{rel}","templated":true}]}}